{"id":14,"date":"2022-09-25T13:23:12","date_gmt":"2022-09-25T11:23:12","guid":{"rendered":"https:\/\/mp.emil.network\/hobbygrillershop\/datenschutzerklaerung\/"},"modified":"2022-10-14T18:12:08","modified_gmt":"2022-10-14T16:12:08","slug":"datenschutzerklaerung","status":"publish","type":"page","link":"https:\/\/shop.hobby-griller.de\/?page_id=14","title":{"rendered":"Datenschutzerkl\u00e4rung"},"content":{"rendered":"\t\t<div data-elementor-type=\"wp-page\" data-elementor-id=\"14\" class=\"elementor elementor-14\">\n\t\t\t\t\t\t<section class=\"elementor-section elementor-top-section elementor-element elementor-element-c81da95 elementor-section-boxed elementor-section-height-default elementor-section-height-default\" data-id=\"c81da95\" data-element_type=\"section\" data-e-type=\"section\">\n\t\t\t\t\t\t<div class=\"elementor-container elementor-column-gap-default\">\n\t\t\t\t\t<div class=\"elementor-column elementor-col-100 elementor-top-column elementor-element elementor-element-1023397\" data-id=\"1023397\" data-element_type=\"column\" data-e-type=\"column\">\n\t\t\t<div class=\"elementor-widget-wrap elementor-element-populated\">\n\t\t\t\t\t\t<div class=\"elementor-element elementor-element-63d3603 elementor-widget elementor-widget-text-editor\" data-id=\"63d3603\" data-element_type=\"widget\" data-e-type=\"widget\" data-widget_type=\"text-editor.default\">\n\t\t\t\t<div class=\"elementor-widget-container\">\n\t\t\t\t\t\t\t\t\t<p class=\"western\" align=\"center\" style=\"margin-top: 0.28cm; margin-bottom: 0cm; line-height: 115%\">\n<font face=\"Century Gothic, serif\"><font style=\"font-size: 16pt\"><b>Datenschutzbestimmungen\nf\u00fcr die Nutzung des Onlineshops<\/b><\/font><\/font><\/p><p class=\"western\" align=\"center\" style=\"margin-top: 0.28cm; margin-bottom: 0cm; line-height: 115%\">\n<font color=\"#1b1b1b\"><font face=\"Century Gothic, serif\"><font style=\"font-size: 16pt\"><b>Hobby-Griller\nShop<\/b><\/font><\/font><\/font><\/p><p class=\"western\" style=\"margin-top: 0.28cm; margin-bottom: 0cm; line-height: 115%\">\n<font face=\"Century Gothic, serif\"><font style=\"font-size: 13pt\"><b>1.&nbsp;&nbsp;&nbsp;&nbsp;&nbsp;&nbsp;&nbsp;&nbsp;\nKurzfassung<\/b><\/font><\/font><\/p><p class=\"western\" style=\"margin-top: 0.28cm; margin-bottom: 0cm; line-height: 115%\">\n<font face=\"Century Gothic, serif\"><font style=\"font-size: 13pt\">Wir\nverkaufen Ihre Daten nicht!<\/font><\/font><\/p><p class=\"western\" style=\"margin-top: 0.28cm; margin-bottom: 0cm; line-height: 115%\">\n<font face=\"Century Gothic, serif\"><font style=\"font-size: 13pt\">Wir\nbehandeln Ihre Daten \u00e4u\u00dferst sorgsam und brauchen und nutzen sie\nausschlie\u00dflich, um den mit Ihnen geschlossenen Vertrag ordnungsgem\u00e4\u00df\nabzuwickeln.<\/font><\/font><\/p><p class=\"western\" style=\"margin-top: 0.28cm; margin-bottom: 0cm; line-height: 115%\">\n&nbsp;<\/p><p class=\"western\" style=\"margin-top: 0.28cm; margin-bottom: 0cm; line-height: 115%\">\n<font face=\"Century Gothic, serif\"><font style=\"font-size: 13pt\"><b>2.&nbsp;&nbsp;&nbsp;&nbsp;&nbsp;&nbsp;&nbsp;&nbsp;\nEinleitung<\/b><\/font><\/font><\/p><p class=\"western\" style=\"margin-top: 0.28cm; margin-bottom: 0cm; line-height: 115%\">\n<font face=\"Century Gothic, serif\"><font style=\"font-size: 13pt\">Diese\nDatenschutzerkl\u00e4rung bezieht sich ausdr\u00fccklich nur auf die\nErhebung, Verwendung, Speicherung und Weiterleitung von Daten, auf\ndie wir auch Einfluss haben. Wir weisen ausdr\u00fccklich darauf hin,\ndass zum vollumf\u00e4nglichen Informieren \u00fcber den Gebrauch Ihrer Daten\nim Zusammenhang mit einer Zusammenarbeit mit uns, es erforderlich\nist, z.B. die Datenschutzerkl\u00e4rung von WhatsApp, Etsy, PayPal und\nanderen Kommunikations- und Transaktionsdienstleistern zu lesen.<\/font><\/font><\/p><p class=\"western\" style=\"margin-top: 0.28cm; margin-bottom: 0cm; line-height: 115%\">\n&nbsp;<\/p><p class=\"western\" style=\"margin-top: 0.28cm; margin-bottom: 0cm; line-height: 115%\">\n<font face=\"Century Gothic, serif\"><font style=\"font-size: 13pt\"><b>3.&nbsp;&nbsp;&nbsp;&nbsp;&nbsp;&nbsp;&nbsp;&nbsp;\nBegriffsbestimmungen<\/b><\/font><\/font><\/p><p class=\"western\" style=\"margin-top: 0.28cm; margin-bottom: 0cm; line-height: 115%\">\n<font face=\"Century Gothic, serif\"><font style=\"font-size: 13pt\">Zur\nErkl\u00e4rung der hier verwendeten Begriffe wird auf Art. 4 DSGVO Bezug\ngenommen.<\/font><\/font><\/p><p class=\"western\" style=\"margin-top: 0.28cm; margin-bottom: 0cm; line-height: 115%\">\n&nbsp;<\/p><p class=\"western\" style=\"margin-top: 0.28cm; margin-bottom: 0cm; line-height: 115%\">\n<font face=\"Century Gothic, serif\"><font style=\"font-size: 13pt\"><b>4.&nbsp;&nbsp;&nbsp;&nbsp;&nbsp;&nbsp;&nbsp;&nbsp;\nKontaktdaten der Verantwortlichen<\/b><\/font><\/font><\/p><p class=\"western\" style=\"margin-top: 0.28cm; margin-bottom: 0cm; line-height: 115%\">\n<font face=\"Century Gothic, serif\"><font style=\"font-size: 13pt\">Unter\nfolgendem Kontakt k\u00f6nnen Sie die f\u00fcr die Datenerhebung\nverantwortlichen erreichen:<\/font><\/font><\/p><p class=\"western\" style=\"margin-left: 1.25cm; margin-top: 0.28cm; margin-bottom: 0cm; line-height: 115%\">\n<font color=\"#1b1b1b\"><font face=\"Century Gothic, serif\">KW-Networking\nGbR <\/font><\/font>\n<\/p><p class=\"western\" style=\"margin-left: 1.25cm; margin-top: 0.28cm; margin-bottom: 0cm; line-height: 115%\">\n<font color=\"#1b1b1b\"><font face=\"Century Gothic, serif\">Inhaber:\nO.K\u00f6nig &amp; P.Wozniok<\/font><\/font><\/p><p class=\"western\" style=\"margin-left: 1.25cm; margin-top: 0.28cm; margin-bottom: 0cm; line-height: 115%\">\n<font color=\"#1b1b1b\"><font face=\"Century Gothic, serif\"><span style=\"background: #ffffff\">Theodor-Heuss-Stra\u00dfe\n14<\/span><\/font><\/font><\/p><p class=\"western\" style=\"margin-left: 1.25cm; margin-top: 0.28cm; margin-bottom: 0cm; line-height: 115%\">\n<font color=\"#1b1b1b\"><font face=\"Century Gothic, serif\"><span style=\"background: #ffffff\">45731\nWaltrop<\/span><\/font><\/font><\/p><p class=\"western\" style=\"margin-left: 1.25cm; margin-top: 0.28cm; margin-bottom: 0cm; line-height: 115%\">\n<font color=\"#1b1b1b\"><font face=\"Century Gothic, serif\"><span style=\"background: #ffffff\">+49\n<\/span><\/font><font face=\"Century Gothic, serif\"><span style=\"background: #ffffff\">17630147312<\/span><\/font><\/font><\/p><p class=\"western\" style=\"margin-left: 1.25cm; margin-top: 0.28cm; margin-bottom: 0cm; line-height: 115%\">\n<font color=\"#1b1b1b\"><font face=\"Century Gothic, serif\"><font style=\"font-size: 13pt\"><span style=\"background: #ffffff\">kontakt@hobby-griller.de<\/span><\/font><\/font><\/font><\/p><p class=\"western\" style=\"margin-top: 0.28cm; margin-bottom: 0cm; line-height: 115%\">\n<br>\n\n<\/p><p class=\"western\" style=\"margin-top: 0.28cm; margin-bottom: 0cm; line-height: 115%\">\n<font face=\"Century Gothic, serif\"><font style=\"font-size: 13pt\"><b>5.&nbsp;&nbsp;&nbsp;&nbsp;&nbsp;&nbsp;&nbsp;&nbsp;\nMinderj\u00e4hrige<\/b><\/font><\/font><\/p><p class=\"western\" style=\"margin-top: 0.28cm; margin-bottom: 0cm; line-height: 115%\">\n<font face=\"Century Gothic, serif\"><font style=\"font-size: 13pt\">M\u00f6chten\nSie dieser Datenschutzerkl\u00e4rung zustimmen, so ist ein Mindestalter\nvon 16 Jahren erforderlich. Insofern Sie dieses Alter noch nicht\nerreicht haben, ist eine Einwilligung, also eine vorherige\nZustimmung, zu dieser Erkl\u00e4rung durch Ihre Erziehungsberechtigten\nunbedingt erforderlich. Eine nachtr\u00e4gliche Zustimmung zu dieser\nErkl\u00e4rung ist nicht m\u00f6glich. <\/font><\/font>\n<\/p><p class=\"western\" style=\"margin-top: 0.28cm; margin-bottom: 0cm; line-height: 115%\">\n&nbsp;<\/p><p class=\"western\" style=\"margin-top: 0.28cm; margin-bottom: 0cm; line-height: 115%\">\n<font face=\"Century Gothic, serif\"><font style=\"font-size: 13pt\"><b>6.&nbsp;&nbsp;&nbsp;&nbsp;&nbsp;&nbsp;&nbsp;&nbsp;\nGesetzesgrundlage <\/b><\/font><\/font>\n<\/p><p class=\"western\" style=\"margin-top: 0.28cm; margin-bottom: 0cm; line-height: 115%\">\n<font face=\"Century Gothic, serif\"><font style=\"font-size: 13pt\">Der\nEingriff in Ihre Rechte auf den Schutz Ihrer personenbezogenen Daten\nbedarf der gesetzlichen Grundlage. Diese legen wir Ihnen offen.<\/font><\/font><\/p><p class=\"western\" style=\"margin-top: 0.28cm; margin-bottom: 0cm; line-height: 115%\">\n<font face=\"Century Gothic, serif\"><font style=\"font-size: 13pt\">Wir\nerheben, verwenden, speichern und leiten Daten weiter auf der\nGrundlage des Art. 6 Abs. 1 b) DSGVO, denn die Verarbeitung Ihrer\nDaten ist zur Erf\u00fcllung eines Vertrages oder zur Durchf\u00fchrung einer\nauf Ihre Anfrage hin erfolgten vorvertraglichen Ma\u00dfnahme, dessen\nVertragspartei Sie sind, bzw. sein werden, erforderlich. <\/font><\/font>\n<\/p><p class=\"western\" style=\"margin-top: 0.28cm; margin-bottom: 0cm; line-height: 115%\">\n&nbsp;<\/p><p class=\"western\" style=\"margin-top: 0.28cm; margin-bottom: 0cm; line-height: 115%\">\n<font face=\"Century Gothic, serif\"><font style=\"font-size: 13pt\"><b>7.&nbsp;&nbsp;&nbsp;&nbsp;&nbsp;&nbsp;&nbsp;&nbsp;\nZweck, Art und Umfang der Datenerhebung und -verwendung <\/b><\/font><\/font>\n<\/p><p class=\"western\" style=\"margin-top: 0.28cm; margin-bottom: 0cm; line-height: 115%\">\n<font face=\"Century Gothic, serif\"><font style=\"font-size: 13pt\">Wir\nm\u00f6chten Sie \u00fcber den Zweck, die Art und den Umfang der\nDatenerhebung und -verwendung unterrichten. <\/font><\/font>\n<\/p><p class=\"western\" style=\"margin-top: 0.28cm; margin-bottom: 0cm; line-height: 115%\">\n<font face=\"Century Gothic, serif\"><font style=\"font-size: 13pt\">Zweck\nder Datenerhebung und -verwendung ist es, eine rechtssichere und\nerfolgreiche Abwicklung, der geschlossenen Vertr\u00e4ge f\u00fcr alle\nParteien erm\u00f6glichen zu k\u00f6nnen. Diese Vertr\u00e4ge erstrecken sich\nz.B. auf den Kauf und Verkauf von physischen, digitalen, neuen,\ngebrauchten, recycelten oder auch individuell angepassten Produkten,\nderen \u00dcbergabe oder Bereitstellung bei unserem Kunden, sowie auf\neine m\u00f6gliche R\u00fcckabwicklung oder M\u00e4ngelbeseitigung. <\/font><\/font>\n<\/p><p class=\"western\" style=\"margin-top: 0.28cm; margin-bottom: 0cm; line-height: 115%\">\n<font face=\"Century Gothic, serif\"><font style=\"font-size: 13pt\">Art\nund Umfang der Erhebung und Verwendung bewegen sich im Rahmen, des\nzur Erreichung des Zwecks, unbedingt erforderlichen. Es werden\nausschlie\u00dflich personenbezogene Daten verarbeitet, die zweckm\u00e4\u00dfig\nsind. Werden die Daten nicht mehr ben\u00f6tigt, um diesen Zweck zu\nerreichen, so werden sie von uns gel\u00f6scht. Dabei weisen wir\nausdr\u00fccklich darauf hin, dass es im Rahmen von steuerlichen\nNachweispflichten n\u00f6tig sein kann, einzelne Datensegmente \u00fcber\neinen Zeitraum von mehreren Jahren aufzubewahren, z.B. wenn sich\ndiese Daten auf Rechnungen befinden. Insoweit dies zweckm\u00e4\u00dfig und\nuns rechtlich m\u00f6glich ist, anonymisieren wir die erfassten Daten.\nAu\u00dferdem legen wir Rechenschaft Ihnen gegen\u00fcber auch dahingehend\nab, dass wir im angemessenen Umfang die Vorg\u00e4nge im Zusammenhang mit\nIhren Daten dokumentieren. <\/font><\/font>\n<\/p><p class=\"western\" style=\"margin-top: 0.28cm; margin-bottom: 0cm; line-height: 115%\">\n&nbsp;<\/p><p class=\"western\" style=\"margin-top: 0.28cm; margin-bottom: 0cm; line-height: 115%\">\n<font face=\"Century Gothic, serif\"><font style=\"font-size: 13pt\">Wir\nverwenden Ihre Daten zur Abwicklung Ihrer Onlinek\u00e4ufe, Bestellungen,\nR\u00fcckabwicklungen und f\u00fcr Mitteilungen \u00fcber den Lieferstatus oder\nzur Beantwortung der von Ihnen gestellten Anfragen. Auch f\u00fcr die\nAbwicklung von Zahlungen, Beschwerden, Gew\u00e4hrleistungsanspr\u00fcchen,\nIdentit\u00e4tsfeststellungen werden Ihre Daten verwendet. Welche Daten\nwir dem Zweck gem\u00e4\u00df erheben und verwenden richtet sich auch nach\nder von Ihnen gew\u00e4hlten Produktklasse. Bei einem physischen Produkt\nsteht die Erhebung von Daten \u00fcber Ihren Namen und Ihrer Adresse im\nVordergrund. Insofern Sie eine Sendungsverfolgung \u00fcber den\nverwendeten Versanddienstleister w\u00fcnschen, kann es auch erforderlich\nsein, Ihre E-Mail-Adresse zu erheben und zu verwenden. Der\nVersanddienstleister erh\u00e4lt von uns auch die Daten Ihrer Anschrift.\nWohingegen bei einem digitalen Produkt eine Downloadoption\nbereitgestellt wird, weshalb die Weitergabe Ihrer Daten an einen\nVersanddienstleister nicht zweckm\u00e4\u00dfig ist, aber die Weitergabe an\neine \u00dcbermittlungsplattform erforderlich wird. In welchem Umfang die\n\u00dcbermittlungsplattform Ihre Daten weitergibt, unterliegt nicht\nunserem Einfluss. Bestellen Sie bei uns ein Produkt, welches z.B.\ndurch ein Bild von Ihnen, einen Namen oder andere Daten individuell\npersonalisiert wird, so erheben wir auch die hierf\u00fcr notwendigen\nDaten und speichern diese so lange, bis die Daten zur\nVertragserf\u00fcllung nicht mehr ben\u00f6tigt werden. Beachten Sie in\ndiesem Zusammenhang, dass es erforderlich wird, diese Daten erneut an\nuns zu \u00fcbermitteln, sollten Sie von etwaigen\nNacherf\u00fcllungsanspr\u00fcchen Gebrauch machen wollen. <\/font><\/font>\n<\/p><p class=\"western\" style=\"margin-top: 0.28cm; margin-bottom: 0cm; line-height: 115%\">\n<font face=\"Century Gothic, serif\"><font style=\"font-size: 13pt\">Empf\u00e4nger\nIhrer Daten sind zum einen wir, die f\u00fcr die Datenerhebung\nVerantwortlichen. Zum anderen bedienen wir uns zur Erf\u00fcllung unserer\nAufgaben Dritter, die im erforderlichen Umfang ebenfalls Empf\u00e4nger\nIhrer Daten werden k\u00f6nnen, insofern dies f\u00fcr die Zweckerf\u00fcllung\nnotwendig ist. Diese Dritten k\u00f6nnen sein:<\/font><\/font><\/p><p class=\"western\" style=\"margin-top: 0.28cm; margin-bottom: 0cm; line-height: 115%\">\n<font face=\"Century Gothic, serif\"><font style=\"font-size: 13pt\">&#8211;\nder zur Erf\u00fcllung beauftragte Versanddienstleister,<\/font><\/font><\/p><p class=\"western\" style=\"margin-top: 0.28cm; margin-bottom: 0cm; line-height: 115%\">\n<font face=\"Century Gothic, serif\"><font style=\"font-size: 13pt\">&#8211;\nDienstleister, die wir zur Beratung unseres Unternehmens einsetzen\n(Steuerberater, Rechtsanw\u00e4lte, u.a.),<\/font><\/font><\/p><p class=\"western\" style=\"margin-top: 0.28cm; margin-bottom: 0cm; line-height: 115%\">\n<font face=\"Century Gothic, serif\"><font style=\"font-size: 13pt\">&#8211;\nDienstleister, die zur Kommunikation mit Ihnen und Dritten eingesetzt\nwerden.<\/font><\/font><\/p><p class=\"western\" style=\"margin-top: 0.28cm; margin-bottom: 0cm; line-height: 115%\">\n<font face=\"Century Gothic, serif\"><font style=\"font-size: 13pt\">Wir\nbedienen uns zur Vertragserf\u00fcllung bekannten und namenhaften\nUnternehmen wie:<\/font><\/font><\/p><p class=\"western\" style=\"margin-top: 0.28cm; margin-bottom: 0cm; line-height: 115%\">\n<font color=\"#1b1b1b\"><font face=\"Century Gothic, serif\"><font style=\"font-size: 13pt\">&#8211;\n\u201ePayPal\u201c, \u201eKlarna\u201c, \u201eGmail\u201c, \u201eMicrosoft Office\u201c,\n\u201eDHL\u201c<\/font><\/font><\/font><\/p><p class=\"western\" style=\"margin-top: 0.28cm; margin-bottom: 0cm; line-height: 115%\">\n<font face=\"Century Gothic, serif\"><font style=\"font-size: 13pt\">Dabei\nwerden Ihre Daten ausschlie\u00dflich in dem f\u00fcr die Vertragserf\u00fcllung\nerforderlichen Umfang zielgerichtet weitergegeben. <\/font><\/font>\n<\/p><p class=\"western\" style=\"margin-top: 0.28cm; margin-bottom: 0cm; line-height: 115%\">\n<font face=\"Century Gothic, serif\"><font style=\"font-size: 13pt\">Die\nFirma \u00fcber die wir unsere Website \u201ehosten\u201c, deren Datenbanken\nwir uns zur Speicherung der auf der Website veranschaulichten\nInformationen, sowie teilweise auch zur Kommunikation mit Ihnen\nbedienen, ist unter folgenden Namen bekannt:<\/font><\/font><\/p><p class=\"western\" style=\"margin-top: 0.28cm; margin-bottom: 0cm; line-height: 115%\">\n<font color=\"#1b1b1b\"><font face=\"Century Gothic, serif\"><font style=\"font-size: 13pt\">Contabo\nGmbH<\/font><\/font><\/font><\/p><p class=\"western\" style=\"margin-top: 0.28cm; margin-bottom: 0cm; line-height: 115%\">\n<font color=\"#1b1b1b\"><font face=\"Century Gothic, serif\"><font style=\"font-size: 13pt\">Aschauer\nStra\u00dfe 32a<\/font><\/font><\/font><\/p><p class=\"western\" style=\"margin-top: 0.28cm; margin-bottom: 0cm; line-height: 115%\">\n<font color=\"#1b1b1b\"><font face=\"Century Gothic, serif\"><font style=\"font-size: 13pt\">81549\nM\u00fcnchen<\/font><\/font><\/font><\/p><p class=\"western\" style=\"margin-top: 0.28cm; margin-bottom: 0cm; line-height: 115%\">\n<font color=\"#1b1b1b\"><font face=\"Century Gothic, serif\"><font style=\"font-size: 13pt\">Deutschland<\/font><\/font><\/font><\/p><p class=\"western\" style=\"margin-top: 0.28cm; margin-bottom: 0cm; line-height: 115%\">\n<font color=\"#1b1b1b\"><font face=\"Century Gothic, serif\"><font style=\"font-size: 13pt\">Tel:\n089 3564717 71<\/font><\/font><\/font><\/p><p class=\"western\" style=\"margin-top: 0.28cm; margin-bottom: 0cm; line-height: 115%\">\n<font color=\"#1b1b1b\"><font face=\"Century Gothic, serif\"><font style=\"font-size: 13pt\">Fax:\n089 216 658 62<\/font><\/font><\/font><\/p><p class=\"western\" style=\"margin-top: 0.28cm; margin-bottom: 0cm; line-height: 115%\">\n<font face=\"Century Gothic, serif\"><font style=\"font-size: 13pt\">Die\nDatenschutzbestimmungen dieser Firmen finden Sie auch auf den\nFirmenwebsites, insofern Sie Ihnen nicht bereits bekannt sind.<\/font><\/font><\/p><p class=\"western\" style=\"margin-top: 0.28cm; margin-bottom: 0cm; line-height: 115%\">\n<font face=\"Century Gothic, serif\"><font style=\"font-size: 13pt\">F\u00fcr\neine vollumf\u00e4ngliche Beurteilung Ihrer Datennutzung raten wir Ihnen,\nsich auch bei dem entsprechenden Zahlungs-, Versand- und\nKommunikationsdienstleister zu informieren.<\/font><\/font><\/p><p class=\"western\" style=\"margin-top: 0.28cm; margin-bottom: 0cm; line-height: 115%\">\n&nbsp;<\/p><p class=\"western\" style=\"margin-top: 0.28cm; margin-bottom: 0cm; line-height: 115%\">\n<font face=\"Century Gothic, serif\"><font style=\"font-size: 13pt\"><b>8.&nbsp;&nbsp;&nbsp;&nbsp;&nbsp;&nbsp;&nbsp;&nbsp;\nBewertungen, Kommentare &amp; Nachrichten<\/b><\/font><\/font><\/p><p class=\"western\" style=\"margin-top: 0.28cm; margin-bottom: 0cm; line-height: 115%\">\n<font face=\"Century Gothic, serif\"><font style=\"font-size: 13pt\">Die\nVerarbeitung Ihrer Daten durch <\/font><\/font><font color=\"#1b1b1b\"><font face=\"Century Gothic, serif\"><font style=\"font-size: 13pt\">\u201eGoogle\u201c<\/font><\/font><\/font><font color=\"#2d8ca7\"><font face=\"Century Gothic, serif\"><font style=\"font-size: 13pt\">\n<\/font><\/font><\/font><font face=\"Century Gothic, serif\"><font style=\"font-size: 13pt\">die\nbei Ihrem Gebrauch von Bewertungs-, Nachrichten- und\nKommentarfunktionen entstehen, unterliegt nicht unserem\nEinflussbereich. Sofern diese Daten nicht Vertragsbestandteil sind\nund uns dies technisch m\u00f6glich ist, l\u00f6schen wir sie, sobald sie zur\nAusf\u00fchrung des Vertrags nicht mehr ben\u00f6tigt werden. Dies gilt nicht\nf\u00fcr Daten aus den \u00f6ffentlich einsehbaren Bewertungs- und\nKommentarfunktionen. Wir verarbeiten diese Daten nur, insofern dies\nzur Erf\u00fcllung des Zwecks erforderlich ist.<\/font><\/font><\/p><p class=\"western\" style=\"margin-top: 0.28cm; margin-bottom: 0cm; line-height: 115%\">\n&nbsp;<\/p><p class=\"western\" style=\"margin-top: 0.28cm; margin-bottom: 0cm; line-height: 115%\">\n<font face=\"Century Gothic, serif\"><font style=\"font-size: 13pt\"><b>9.&nbsp;&nbsp;&nbsp;&nbsp;&nbsp;&nbsp;&nbsp;&nbsp;\nIhre Rechte<\/b><\/font><\/font><\/p><p class=\"western\" style=\"margin-top: 0.28cm; margin-bottom: 0cm; line-height: 115%\">\n<font face=\"Century Gothic, serif\"><font style=\"font-size: 13pt\">Wir\nm\u00f6chten Sie au\u00dferdem dar\u00fcber informieren, dass Ihnen das Recht\nzusteht, jederzeit und kostenlos Auskunft \u00fcber den Status Ihrer\nDaten bei uns abzufragen. Au\u00dferdem k\u00f6nnen Sie die Berichtigung und\ndie L\u00f6schung Ihrer Daten verlangen, insofern dies die\nobligatorischen Aufbewahrungsfristen nicht gef\u00e4hrdet. Insofern Sie\ndie L\u00f6schung Ihrer Daten verlangen, k\u00fcmmern wir uns darum, dieses\nBegehren auch an die Stellen weiter zu reichen, denen wir zur\nErf\u00fcllung des Erhebungszwecks Ihre Daten weiterreichen mussten. <\/font><\/font>\n<\/p><p class=\"western\" style=\"margin-top: 0.28cm; margin-bottom: 0cm; line-height: 115%\">\n<font face=\"Century Gothic, serif\"><font style=\"font-size: 13pt\">Sie\nk\u00f6nnen die Einwilligung in diese Datenschutzerkl\u00e4rung jederzeit,\nformlos und ohne Angaben von Gr\u00fcnden widerrufen. Au\u00dferdem steht\nIhnen ein Beschwerderecht bei den Aufsichtsbeh\u00f6rden zu, sollten Sie\neinmal Bedenken bez\u00fcglich Ihrer Datensicherheit hegen. Allerdings\nhoffen wir darauf, dass Sie sich zun\u00e4chst mit uns in Verbindung\nsetzen, sollten Sie Fragen haben.<\/font><\/font><\/p><p class=\"western\" style=\"margin-top: 0.28cm; margin-bottom: 0cm; line-height: 115%\">\n&nbsp;<\/p><p class=\"western\" style=\"margin-top: 0.28cm; margin-bottom: 0cm; line-height: 115%\">\n<font face=\"Century Gothic, serif\"><font style=\"font-size: 13pt\"><b>10.&nbsp;&nbsp;&nbsp;&nbsp;&nbsp;\nTransparenz<\/b><\/font><\/font><\/p><p class=\"western\" style=\"margin-top: 0.28cm; margin-bottom: 0cm; line-height: 115%\">\n<font face=\"Century Gothic, serif\"><font style=\"font-size: 13pt\">Sollten\nwir einmal planen den Zweck Ihrer Datenerhebung und -verwendung zu\n\u00e4ndern, dann werden wir Sie dar\u00fcber rechtzeitig informieren. <\/font><\/font>\n<\/p><p class=\"western\" style=\"margin-top: 0.28cm; margin-bottom: 0cm; line-height: 115%\">\n&nbsp;<\/p><p class=\"western\" style=\"margin-top: 0.28cm; margin-bottom: 0cm; line-height: 115%\">\n<font face=\"Century Gothic, serif\"><font style=\"font-size: 13pt\"><b>11.&nbsp;&nbsp;&nbsp;&nbsp;&nbsp;\nUmgang mit Datenpannen<\/b><\/font><\/font><\/p><p style=\"margin-top: 0.28cm; margin-bottom: 0cm; line-height: 115%;\" align=\"center\">\n\n\n\n\n\n\n\n\n\n\n\n\n\n\n\n\n\n\n\n\n\n\n\n\n\n\n\n\n\n\n\n\n\n\n\n\n\n\n\n\n\n\n\n\n\n\n\n\n\n\n\n\n\n\n\n\n\n\n\n\n\n<\/p><p class=\"western\" style=\"margin-top: 0.28cm; margin-bottom: 0cm; line-height: 115%\">\n<font face=\"Century Gothic, serif\"><font style=\"font-size: 13pt\">Wir\narbeiten \u00e4u\u00dferst sorgsam und zuverl\u00e4ssig. Sollte es dennoch dazu\nkommen, dass Ihre Daten unbefugt an Dritte gelangen, werden wir Sie\nund die zust\u00e4ndige Aufsichtsbeh\u00f6rde unverz\u00fcglich informieren,\ninsofern nicht ein Risiko f\u00fcr die Verletzung Ihrer Rechte und\nFreiheiten absolut ausgeschlossen ist.<\/font><\/font><\/p>\t\t\t\t\t\t\t\t<\/div>\n\t\t\t\t<\/div>\n\t\t\t\t\t<\/div>\n\t\t<\/div>\n\t\t\t\t\t<\/div>\n\t\t<\/section>\n\t\t\t\t<\/div>\n\t\t","protected":false},"excerpt":{"rendered":"<p>Datenschutzbestimmungen f\u00fcr die Nutzung des Onlineshops Hobby-Griller Shop 1.&nbsp;&nbsp;&nbsp;&nbsp;&nbsp;&nbsp;&nbsp;&nbsp; Kurzfassung Wir verkaufen Ihre Daten nicht! Wir behandeln Ihre Daten \u00e4u\u00dferst sorgsam und brauchen und nutzen sie ausschlie\u00dflich, um den mit Ihnen geschlossenen Vertrag ordnungsgem\u00e4\u00df abzuwickeln. &nbsp; 2.&nbsp;&nbsp;&nbsp;&nbsp;&nbsp;&nbsp;&nbsp;&nbsp; Einleitung Diese Datenschutzerkl\u00e4rung bezieht sich ausdr\u00fccklich nur auf die Erhebung, Verwendung, Speicherung und Weiterleitung von Daten, auf die [&hellip;]<\/p>\n","protected":false},"author":1,"featured_media":0,"parent":0,"menu_order":0,"comment_status":"closed","ping_status":"closed","template":"","meta":{"footnotes":""},"class_list":["post-14","page","type-page","status-publish","hentry"],"jetpack_sharing_enabled":true,"_links":{"self":[{"href":"https:\/\/shop.hobby-griller.de\/index.php?rest_route=\/wp\/v2\/pages\/14","targetHints":{"allow":["GET"]}}],"collection":[{"href":"https:\/\/shop.hobby-griller.de\/index.php?rest_route=\/wp\/v2\/pages"}],"about":[{"href":"https:\/\/shop.hobby-griller.de\/index.php?rest_route=\/wp\/v2\/types\/page"}],"author":[{"embeddable":true,"href":"https:\/\/shop.hobby-griller.de\/index.php?rest_route=\/wp\/v2\/users\/1"}],"replies":[{"embeddable":true,"href":"https:\/\/shop.hobby-griller.de\/index.php?rest_route=%2Fwp%2Fv2%2Fcomments&post=14"}],"version-history":[{"count":6,"href":"https:\/\/shop.hobby-griller.de\/index.php?rest_route=\/wp\/v2\/pages\/14\/revisions"}],"predecessor-version":[{"id":165,"href":"https:\/\/shop.hobby-griller.de\/index.php?rest_route=\/wp\/v2\/pages\/14\/revisions\/165"}],"wp:attachment":[{"href":"https:\/\/shop.hobby-griller.de\/index.php?rest_route=%2Fwp%2Fv2%2Fmedia&parent=14"}],"curies":[{"name":"wp","href":"https:\/\/api.w.org\/{rel}","templated":true}]}}